{"id":10,"date":"2015-05-19T13:29:17","date_gmt":"2015-05-19T12:29:17","guid":{"rendered":"http:\/\/127.0.0.1\/projects\/afg\/?page_id=10"},"modified":"2021-02-07T16:14:49","modified_gmt":"2021-02-07T15:14:49","slug":"les-glycogenoses","status":"publish","type":"page","link":"https:\/\/www.glycogenoses.org\/st_qlfctn\/les-glycogenoses\/","title":{"rendered":"Les Glycog\u00e9noses"},"content":{"rendered":"<section id=\"bt_section69f50259abb5b\"  class=\"boldSection bottomSpaced gutter inherit\" style=\"margin-top: -5.5em;\"><div class=\"port\"><div class=\"boldCell\"><div class=\"boldCellInner\"><div class=\"boldRow  \" ><div class=\"boldRowInner\"><div class=\"rowItem col-md-12 col-ms-12  btTextLeft\"  ><div class=\"rowItemContent\" ><div class=\"btClear btSeparator topSpaced noBorder\" ><hr><\/div><div class=\"btClear btSeparator topSemiSpaced noBorder\" ><hr><\/div><header class=\"header btClear large btDash bottomDash  btAccentDash\" ><div class=\"dash\"><h2><span class=\"headline\"><em> Les Glycog\u00e9noses <\/em><\/span><\/h2><\/div><\/header><div class=\"btClear btSeparator bottomSpaced noBorder\" ><hr><\/div><\/div><\/div><\/div><\/div><div class=\"boldRow  \" ><div class=\"boldRowInner\"><div class=\"rowItem col-md-4 col-ms-12 btTextCenter animate animate-fadein animate-moveup btTextIndent inherit\" style=\"margin-bottom: 10px;\" ><div class=\"rowItemContent\" style = \"background-color:#f1f1f1;\"><div class=\"btIconImageRow btIconsHalfHoverPosition\" ><span class=\"btIco btIcoFilledType btIcoBigSize btIcoAccentColor   \" ><span  data-ico-fa=\"&#xf02d;\" class=\"btIcoHolder\"><em><\/em><\/span><\/span><\/div><div class=\"btClear btSeparator topExtraSmallSpaced noBorder\" ><hr><\/div><header class=\"header btClear medium btDash topDash  btAccentDash\" ><div class=\"btSuperTitle\">D\u00e9ficit en Glycog\u00e8ne synth\u00e9tase<\/div><div class=\"dash\"><h3><span class=\"headline\">TYPE 0<\/span><\/h3><\/div><\/header><a href=\"https:\/\/www.glycogenoses.org\/st_qlfctn\/les-glycogenoses\/type-0-deficit-en-glycogene\/\" class=\"btBtn btBtn btnOutlineStyle btnAccentColor btnSmall btnNormalWidth btnRightPosition btnNoIcon\" ><span class=\"btnInnerText\">LIRE LA SUITE<\/span><\/a><div class=\"btClear btSeparator topExtraSmallSpaced bottomSmallSpaced noBorder\" ><hr><\/div><\/div><\/div><div class=\"rowItem col-md-4 col-ms-12 btTextCenter animate animate-fadein animate-moveup btTextIndent inherit\" style=\"margin-bottom: 10px;\" ><div class=\"rowItemContent\" style = \"background-color:#f1f1f1;\"><div class=\"btIconImageRow btIconsHalfHoverPosition\" ><span class=\"btIco btIcoFilledType btIcoBigSize btIcoAccentColor   \" ><span  data-ico-fa=\"&#xf02d;\" class=\"btIcoHolder\"><em><\/em><\/span><\/span><\/div><div class=\"btClear btSeparator topExtraSmallSpaced noBorder\" ><hr><\/div><header class=\"header btClear medium btDash topDash  btAccentDash\" ><div class=\"btSuperTitle\">Maladie Von Gierke<\/div><div class=\"dash\"><h3><span class=\"headline\">TYPE 1<\/span><\/h3><\/div><\/header><a href=\"https:\/\/www.glycogenoses.org\/st_qlfctn\/les-glycogenoses\/type-i-maladie-von-gierke\/\" class=\"btBtn btBtn btnOutlineStyle btnAccentColor btnSmall btnNormalWidth btnRightPosition btnNoIcon\" ><span class=\"btnInnerText\">LIRE LA SUITE<\/span><\/a><div class=\"btClear btSeparator topExtraSmallSpaced bottomSmallSpaced noBorder\" ><hr><\/div><\/div><\/div><div class=\"rowItem col-md-4 col-ms-12 btTextCenter animate animate-fadein animate-moveup btTextIndent inherit\" style=\"margin-bottom: 10px;\" ><div class=\"rowItemContent\" style = \"background-color:#f1f1f1;\"><div class=\"btIconImageRow btIconsHalfHoverPosition\" ><span class=\"btIco btIcoFilledType btIcoBigSize btIcoAccentColor   \" ><span  data-ico-fa=\"&#xf02d;\" class=\"btIcoHolder\"><em><\/em><\/span><\/span><\/div><div class=\"btClear btSeparator topExtraSmallSpaced noBorder\" ><hr><\/div><header class=\"header btClear medium btDash topDash  btAccentDash\" ><div class=\"btSuperTitle\">Maladie de Pompe<\/div><div class=\"dash\"><h3><span class=\"headline\">TYPE II<\/span><\/h3><\/div><\/header><a href=\"https:\/\/www.glycogenoses.org\/st_qlfctn\/les-glycogenoses\/type-ii-maladie-de-pompe\/\" class=\"btBtn btBtn btnOutlineStyle btnAccentColor btnSmall btnNormalWidth btnRightPosition btnNoIcon\" ><span class=\"btnInnerText\">LIRE LA SUITE<\/span><\/a><div class=\"btClear btSeparator topExtraSmallSpaced bottomSmallSpaced noBorder\" ><hr><\/div><\/div><\/div><\/div><\/div><div class=\"boldRow  \" ><div class=\"boldRowInner\"><div class=\"rowItem col-md-12 col-ms-12  btTextLeft\"  ><div class=\"rowItemContent\" ><div class=\"btClear btSeparator topSemiSpaced noBorder\" ><hr><\/div><\/div><\/div><\/div><\/div><div class=\"boldRow  \" ><div class=\"boldRowInner\"><div class=\"rowItem col-md-4 col-ms-12 btTextCenter animate animate-fadein animate-moveup btTextIndent inherit\" style=\"margin-bottom: 10px;\" ><div class=\"rowItemContent\" style = \"background-color:#f1f1f1;\"><div class=\"btIconImageRow btIconsHalfHoverPosition\" ><span class=\"btIco btIcoFilledType btIcoBigSize btIcoAccentColor   \" ><span  data-ico-fa=\"&#xf02d;\" class=\"btIcoHolder\"><em><\/em><\/span><\/span><\/div><div class=\"btClear btSeparator topExtraSmallSpaced noBorder\" ><hr><\/div><header class=\"header btClear medium btDash topDash  btAccentDash\" ><div class=\"btSuperTitle\">Maladie de Cori ou Forbes<\/div><div class=\"dash\"><h3><span class=\"headline\">TYPE III<\/span><\/h3><\/div><\/header><a href=\"https:\/\/www.glycogenoses.org\/st_qlfctn\/les-glycogenoses\/type-iii-maladie-de-cori-ou-forbes\/\" class=\"btBtn btBtn btnOutlineStyle btnAccentColor btnSmall btnNormalWidth btnRightPosition btnNoIcon\" ><span class=\"btnInnerText\">LIRE LA SUITE<\/span><\/a><div class=\"btClear btSeparator topExtraSmallSpaced bottomSmallSpaced noBorder\" ><hr><\/div><\/div><\/div><div class=\"rowItem col-md-4 col-ms-12 btTextCenter animate animate-fadein animate-moveup btTextIndent inherit\" style=\"margin-bottom: 10px;\" ><div class=\"rowItemContent\" style = \"background-color:#f1f1f1;\"><div class=\"btIconImageRow btIconsHalfHoverPosition\" ><span class=\"btIco btIcoFilledType btIcoBigSize btIcoAccentColor   \" ><span  data-ico-fa=\"&#xf02d;\" class=\"btIcoHolder\"><em><\/em><\/span><\/span><\/div><div class=\"btClear btSeparator topExtraSmallSpaced noBorder\" ><hr><\/div><header class=\"header btClear medium btDash topDash  btAccentDash\" ><div class=\"btSuperTitle\">Maladie d\u2019Andersen<\/div><div class=\"dash\"><h3><span class=\"headline\">TYPE IV<\/span><\/h3><\/div><\/header><a href=\"https:\/\/www.glycogenoses.org\/st_qlfctn\/les-glycogenoses\/type-iv-maladie-dandersen\/\" class=\"btBtn btBtn btnOutlineStyle btnAccentColor btnSmall btnNormalWidth btnRightPosition btnNoIcon\" ><span class=\"btnInnerText\">LIRE LA SUITE<\/span><\/a><div class=\"btClear btSeparator topExtraSmallSpaced bottomSmallSpaced noBorder\" ><hr><\/div><\/div><\/div><div class=\"rowItem col-md-4 col-ms-12 btTextCenter animate animate-fadein animate-moveup btTextIndent inherit\" style=\"margin-bottom: 10px;\" ><div class=\"rowItemContent\" style = \"background-color:#f1f1f1;\"><div class=\"btIconImageRow btIconsHalfHoverPosition\" ><span class=\"btIco btIcoFilledType btIcoBigSize btIcoAccentColor   \" ><span  data-ico-fa=\"&#xf02d;\" class=\"btIcoHolder\"><em><\/em><\/span><\/span><\/div><div class=\"btClear btSeparator topExtraSmallSpaced noBorder\" ><hr><\/div><header class=\"header btClear medium btDash topDash  btAccentDash\" ><div class=\"btSuperTitle\">Maladie McArdle<\/div><div class=\"dash\"><h3><span class=\"headline\">TYPE V<\/span><\/h3><\/div><\/header><a href=\"https:\/\/www.glycogenoses.org\/st_qlfctn\/les-glycogenoses\/type-v-maladie-mcardle\/\" class=\"btBtn btBtn btnOutlineStyle btnAccentColor btnSmall btnNormalWidth btnRightPosition btnNoIcon\" ><span class=\"btnInnerText\">LIRE LA SUITE<\/span><\/a><div class=\"btClear btSeparator topExtraSmallSpaced bottomSmallSpaced noBorder\" ><hr><\/div><\/div><\/div><\/div><\/div><div class=\"boldRow  \" ><div class=\"boldRowInner\"><div class=\"rowItem col-md-12 col-ms-12  btTextLeft\"  ><div class=\"rowItemContent\" ><div class=\"btClear btSeparator topSemiSpaced noBorder\" ><hr><\/div><\/div><\/div><\/div><\/div><div class=\"boldRow  \" ><div class=\"boldRowInner\"><div class=\"rowItem col-md-4 col-ms-12 btTextCenter animate animate-fadein animate-moveup btTextIndent inherit\" style=\"margin-bottom: 10px;\" ><div class=\"rowItemContent\" style = \"background-color:#f1f1f1;\"><div class=\"btIconImageRow btIconsHalfHoverPosition\" ><span class=\"btIco btIcoFilledType btIcoBigSize btIcoAccentColor   \" ><span  data-ico-fa=\"&#xf02d;\" class=\"btIcoHolder\"><em><\/em><\/span><\/span><\/div><div class=\"btClear btSeparator topExtraSmallSpaced noBorder\" ><hr><\/div><header class=\"header btClear medium btDash topDash  btAccentDash\" ><div class=\"btSuperTitle\">Type VIa et\/ou Type IX<\/div><div class=\"dash\"><h3><span class=\"headline\">Type VIa<\/span><\/h3><\/div><\/header><a href=\"https:\/\/www.glycogenoses.org\/st_qlfctn\/les-glycogenoses\/type-via-etou-type-ix\/\" class=\"btBtn btBtn btnOutlineStyle btnAccentColor btnSmall btnNormalWidth btnRightPosition btnNoIcon\" ><span class=\"btnInnerText\">LIRE LA SUITE<\/span><\/a><div class=\"btClear btSeparator topExtraSmallSpaced bottomSmallSpaced noBorder\" ><hr><\/div><\/div><\/div><div class=\"rowItem col-md-4 col-ms-12 btTextCenter animate animate-fadein animate-moveup btTextIndent inherit\" style=\"margin-bottom: 10px;\" ><div class=\"rowItemContent\" style = \"background-color:#f1f1f1;\"><div class=\"btIconImageRow btIconsHalfHoverPosition\" ><span class=\"btIco btIcoFilledType btIcoBigSize btIcoAccentColor   \" ><span  data-ico-fa=\"&#xf02d;\" class=\"btIcoHolder\"><em><\/em><\/span><\/span><\/div><div class=\"btClear btSeparator topExtraSmallSpaced noBorder\" ><hr><\/div><header class=\"header btClear medium btDash topDash  btAccentDash\" ><div class=\"btSuperTitle\">Maladie de Hers<\/div><div class=\"dash\"><h3><span class=\"headline\">Type VIb<\/span><\/h3><\/div><\/header><a href=\"https:\/\/www.glycogenoses.org\/st_qlfctn\/les-glycogenoses\/type-vib-maladie-de-hers\/\" class=\"btBtn btBtn btnOutlineStyle btnAccentColor btnSmall btnNormalWidth btnRightPosition btnNoIcon\" ><span class=\"btnInnerText\">LIRE LA SUITE<\/span><\/a><div class=\"btClear btSeparator topExtraSmallSpaced bottomSmallSpaced noBorder\" ><hr><\/div><\/div><\/div><div class=\"rowItem col-md-4 col-ms-12 btTextCenter animate animate-fadein animate-moveup btTextIndent inherit\" style=\"margin-bottom: 10px;\" ><div class=\"rowItemContent\" style = \"background-color:#f1f1f1;\"><div class=\"btIconImageRow btIconsHalfHoverPosition\" ><span class=\"btIco btIcoFilledType btIcoBigSize btIcoAccentColor   \" ><span  data-ico-fa=\"&#xf02d;\" class=\"btIcoHolder\"><em><\/em><\/span><\/span><\/div><div class=\"btClear btSeparator topExtraSmallSpaced noBorder\" ><hr><\/div><header class=\"header btClear medium btDash topDash  btAccentDash\" ><div class=\"btSuperTitle\">Maladie de Tarui<\/div><div class=\"dash\"><h3><span class=\"headline\">Type VII<\/span><\/h3><\/div><\/header><a href=\"https:\/\/www.glycogenoses.org\/st_qlfctn\/les-glycogenoses\/type-vii-maladie-de-tarui\/\" class=\"btBtn btBtn btnOutlineStyle btnAccentColor btnSmall btnNormalWidth btnRightPosition btnNoIcon\" ><span class=\"btnInnerText\">LIRE LA SUITE<\/span><\/a><div class=\"btClear btSeparator topExtraSmallSpaced bottomSmallSpaced noBorder\" ><hr><\/div><\/div><\/div><\/div><\/div><div class=\"boldRow  \" ><div class=\"boldRowInner\"><div class=\"rowItem col-md-12 col-ms-12  btTextLeft\"  ><div class=\"rowItemContent\" ><div class=\"btClear btSeparator topSemiSpaced noBorder\" ><hr><\/div><\/div><\/div><\/div><\/div><div class=\"boldRow  \" ><div class=\"boldRowInner\"><div class=\"rowItem col-md-4 col-ms-12 btTextCenter animate animate-fadein animate-moveup btTextIndent inherit\" style=\"margin-bottom: 10px;\" ><div class=\"rowItemContent\" style = \"background-color:#f1f1f1;\"><div class=\"btIconImageRow btIconsHalfHoverPosition\" ><span class=\"btIco btIcoFilledType btIcoBigSize btIcoAccentColor   \" ><span  data-ico-fa=\"&#xf02d;\" class=\"btIcoHolder\"><em><\/em><\/span><\/span><\/div><div class=\"btClear btSeparator topExtraSmallSpaced noBorder\" ><hr><\/div><header class=\"header btClear medium btDash topDash  btAccentDash\" ><div class=\"btSuperTitle\">Maladie de l\u2019X<\/div><div class=\"dash\"><h3><span class=\"headline\">Type IX<\/span><\/h3><\/div><\/header><a href=\"https:\/\/www.glycogenoses.org\/st_qlfctn\/les-glycogenoses\/type-ix-maladie-de-lx\/\" class=\"btBtn btBtn btnOutlineStyle btnAccentColor btnSmall btnNormalWidth btnRightPosition btnNoIcon\" ><span class=\"btnInnerText\">LIRE LA SUITE<\/span><\/a><div class=\"btClear btSeparator topExtraSmallSpaced bottomSmallSpaced noBorder\" ><hr><\/div><\/div><\/div><div class=\"rowItem col-md-4 col-ms-12 btTextCenter animate animate-fadein animate-moveup btTextIndent inherit\" style=\"margin-bottom: 10px;\" ><div class=\"rowItemContent\" style = \"background-color:#f1f1f1;\"><div class=\"btIconImageRow btIconsHalfHoverPosition\" ><span class=\"btIco btIcoFilledType btIcoBigSize btIcoAccentColor   \" ><span  data-ico-fa=\"&#xf02d;\" class=\"btIcoHolder\"><em><\/em><\/span><\/span><\/div><div class=\"btClear btSeparator topExtraSmallSpaced noBorder\" ><hr><\/div><header class=\"header btClear medium btDash topDash  btAccentDash\" ><div class=\"btSuperTitle\">Maladie Bickel Fanconi<\/div><div class=\"dash\"><h3><span class=\"headline\">Type XI<\/span><\/h3><\/div><\/header><a href=\"https:\/\/www.glycogenoses.org\/st_qlfctn\/les-glycogenoses\/type-xi-maladie-bickel-fanconi\/\" class=\"btBtn btBtn btnOutlineStyle btnAccentColor btnSmall btnNormalWidth btnRightPosition btnNoIcon\" ><span class=\"btnInnerText\">LIRE LA SUITE<\/span><\/a><div class=\"btClear btSeparator topExtraSmallSpaced bottomSmallSpaced noBorder\" ><hr><\/div><\/div><\/div><div class=\"rowItem col-md-4 col-ms-12 btTextCenter animate animate-fadein animate-moveup btTextIndent inherit\" style=\"margin-bottom: 10px;\" ><div class=\"rowItemContent\" style = \"background-color:#f1f1f1;\"><div class=\"btIconImageRow btIconsHalfHoverPosition\" ><span class=\"btIco btIcoFilledType btIcoBigSize btIcoAccentColor   \" ><span  data-ico-fa=\"&#xf02d;\" class=\"btIcoHolder\"><em><\/em><\/span><\/span><\/div><div class=\"btClear btSeparator topExtraSmallSpaced noBorder\" ><hr><\/div><header class=\"header btClear medium btDash topDash  btAccentDash\" ><div class=\"btSuperTitle\">Glycog\u00e9nose de type XIV<\/div><div class=\"dash\"><h3><span class=\"headline\">Type XIV<\/span><\/h3><\/div><\/header><a href=\"https:\/\/www.glycogenoses.org\/st_qlfctn\/les-glycogenoses\/glycogenose-de-type-xiv\/\" class=\"btBtn btBtn btnOutlineStyle btnAccentColor btnSmall btnNormalWidth btnRightPosition btnNoIcon\" ><span class=\"btnInnerText\">LIRE LA SUITE<\/span><\/a><div class=\"btClear btSeparator topExtraSmallSpaced bottomSmallSpaced noBorder\" ><hr><\/div><\/div><\/div><\/div><\/div><div class=\"boldRow  \" ><div class=\"boldRowInner\"><div class=\"rowItem col-md-12 col-ms-12  btTextLeft\"  ><div class=\"rowItemContent\" ><div class=\"btClear btSeparator topSemiSpaced noBorder\" ><hr><\/div><\/div><\/div><\/div><\/div><div class=\"boldRow  \" ><div class=\"boldRowInner\"><div class=\"rowItem col-md-12 col-ms-12  btTextCenter animate animate-fadein animate-moveup btTextIndent inherit\" style=\"margin-bottom: 10px;\" ><div class=\"rowItemContent\" style = \"background-color:#f1f1f1;\"><div class=\"btIconImageRow btIconsHalfHoverPosition\" ><span class=\"btIco btIcoFilledType btIcoBigSize btIcoAccentColor   \" ><span  data-ico-fa=\"&#xf02d;\" class=\"btIcoHolder\"><em><\/em><\/span><\/span><\/div><div class=\"btClear btSeparator topExtraSmallSpaced noBorder\" ><hr><\/div><header class=\"header btClear medium btDash topDash  btAccentDash\" ><div class=\"btSuperTitle\">Maladie de Danon<\/div><div class=\"dash\"><h3><span class=\"headline\">D\u00e9ficit en LAMP \u2013 2<\/span><\/h3><\/div><\/header><a href=\"https:\/\/www.glycogenoses.org\/st_qlfctn\/les-glycogenoses\/deficit-en-lamp-2-maladie-de-danon\/\" class=\"btBtn btBtn btnOutlineStyle btnAccentColor btnSmall btnNormalWidth btnRightPosition btnNoIcon\" ><span class=\"btnInnerText\">LIRE LA SUITE<\/span><\/a><div class=\"btClear btSeparator topExtraSmallSpaced bottomSmallSpaced noBorder\" ><hr><\/div><\/div><\/div><\/div><\/div><\/div><\/div><\/div><\/section>\n","protected":false},"excerpt":{"rendered":"","protected":false},"author":7,"featured_media":0,"parent":0,"menu_order":0,"comment_status":"closed","ping_status":"closed","template":"","meta":[],"_links":{"self":[{"href":"https:\/\/www.glycogenoses.org\/st_qlfctn\/wp-json\/wp\/v2\/pages\/10"}],"collection":[{"href":"https:\/\/www.glycogenoses.org\/st_qlfctn\/wp-json\/wp\/v2\/pages"}],"about":[{"href":"https:\/\/www.glycogenoses.org\/st_qlfctn\/wp-json\/wp\/v2\/types\/page"}],"author":[{"embeddable":true,"href":"https:\/\/www.glycogenoses.org\/st_qlfctn\/wp-json\/wp\/v2\/users\/7"}],"replies":[{"embeddable":true,"href":"https:\/\/www.glycogenoses.org\/st_qlfctn\/wp-json\/wp\/v2\/comments?post=10"}],"version-history":[{"count":36,"href":"https:\/\/www.glycogenoses.org\/st_qlfctn\/wp-json\/wp\/v2\/pages\/10\/revisions"}],"predecessor-version":[{"id":2381,"href":"https:\/\/www.glycogenoses.org\/st_qlfctn\/wp-json\/wp\/v2\/pages\/10\/revisions\/2381"}],"wp:attachment":[{"href":"https:\/\/www.glycogenoses.org\/st_qlfctn\/wp-json\/wp\/v2\/media?parent=10"}],"curies":[{"name":"wp","href":"https:\/\/api.w.org\/{rel}","templated":true}]}}