{"id":107,"date":"2015-05-19T13:28:06","date_gmt":"2015-05-19T12:28:06","guid":{"rendered":"http:\/\/127.0.0.1\/projects\/afg\/?page_id=8"},"modified":"2021-02-12T07:37:35","modified_gmt":"2021-02-12T06:37:35","slug":"qui-sommes-nous","status":"publish","type":"page","link":"https:\/\/www.glycogenoses.org\/st_qlfctn\/qui-sommes-nous\/","title":{"rendered":"Qui sommes nous ?"},"content":{"rendered":"<section id=\"bt_section69f29452dc908\"  class=\"boldSection topSemiSpaced bottomExtraSmallSpaced gutter inherit wBackground cover\" style=\"background-image:url('https:\/\/www.glycogenoses.org\/st_qlfctn\/wp-content\/uploads\/2021\/02\/qsn.jpg');\"><div class=\"port\"><div class=\"boldCell\"><div class=\"boldCellInner\"><div class=\"boldRow  \" ><div class=\"boldRowInner\"><div class=\"rowItem col-md-9 col-ms-12  btTextLeft animate animate-fadein inherit\"  ><div class=\"rowItemContent\" ><header class=\"header btClear large btDash bottomDash  btAccentDash\" ><div class=\"dash\"><h2><span class=\"headline\"><em>QUI SOMMES NOUS<\/em> <b class=\"animate\">?<\/b><\/span><\/h2><\/div><div class=\"btSubTitle\">L&rsquo;AFG, Association Francophone des Glycog\u00e9noses a \u00e9t\u00e9 cr\u00e9\u00e9e en 1992 par des parents d&rsquo;enfants et des adultes affect\u00e9s par une Glycog\u00e9nose. Son but est d&rsquo;\u00eatre un p\u00f4le d&rsquo;entraide pour toutes les personnes concern\u00e9es par cette maladie, de partager des informations, d&rsquo;apporter \u00e9coute, aide et soutien et de promouvoir la recherche et l&rsquo;effort m\u00e9dical.<\/p><br><p>Vous venez de trouver ces pages ; peut-\u00eatre un membre de votre famille vient d&rsquo;\u00eatre diagnostiqu\u00e9 avec une glycog\u00e9nose : n&rsquo;h\u00e9sitez pas \u00e0 prendre contact avec nos r\u00e9f\u00e9rents, qui connaissent bien cette maladie, qui ont du l&rsquo;accepter comme un \u00ab compagnon de vie \u00bb : rentrer en contact avec ces personnes peut d\u00e9j\u00e0 briser le sentiment de solitude et vous aider si n\u00e9cessaire. Nos actions : pour tenir nos adh\u00e9rents inform\u00e9s et maintenir le contact : les journ\u00e9es familiales, la journ\u00e9e scientifique, notre revue annuelle.<\/p><br><p>Sur notre site, nous tenons \u00e0 jour les informations m\u00e9dicales de fa\u00e7on aussi claire que possible. Pour d\u00e9fendre les int\u00e9r\u00eats des personnes atteintes, nous travaillons en \u00e9troite liaison avec d&rsquo;autres Associations de Maladies Rares.<\/p><br><p>Notre association fonctionne exclusivement avec des b\u00e9n\u00e9voles, ce qui permet d&rsquo;orienter nos ressources financi\u00e8res vers la recherche et les \u00e9changes internationaux. Ainsi, plusieurs projets sont en cours et des r\u00e9sultats actuels autorisent beaucoup d&rsquo;espoir. Ces projets sont conduits par des sp\u00e9cialistes \u00e0 l&rsquo;INSERM et aux H\u00f4pitaux de Paris, avec une envergure et une reconnaissance internationale.<\/p><br><p>N&rsquo;h\u00e9sitez pas \u00e0 faire un don, ou nous rejoindre comme membres de l&rsquo;association.<\/div><\/header><div class=\"btClear btSeparator bottomSemiSpaced noBorder\" ><hr><\/div><\/div><\/div><div class=\"rowItem col-md-3 col-sm-6 col-ms-12 btTextLeft\"  ><div class=\"rowItemContent\" ><\/div><\/div><\/div><\/div><\/div><\/div><\/div><\/section>\n","protected":false},"excerpt":{"rendered":"","protected":false},"author":7,"featured_media":0,"parent":0,"menu_order":0,"comment_status":"closed","ping_status":"closed","template":"","meta":[],"_links":{"self":[{"href":"https:\/\/www.glycogenoses.org\/st_qlfctn\/wp-json\/wp\/v2\/pages\/107"}],"collection":[{"href":"https:\/\/www.glycogenoses.org\/st_qlfctn\/wp-json\/wp\/v2\/pages"}],"about":[{"href":"https:\/\/www.glycogenoses.org\/st_qlfctn\/wp-json\/wp\/v2\/types\/page"}],"author":[{"embeddable":true,"href":"https:\/\/www.glycogenoses.org\/st_qlfctn\/wp-json\/wp\/v2\/users\/7"}],"replies":[{"embeddable":true,"href":"https:\/\/www.glycogenoses.org\/st_qlfctn\/wp-json\/wp\/v2\/comments?post=107"}],"version-history":[{"count":33,"href":"https:\/\/www.glycogenoses.org\/st_qlfctn\/wp-json\/wp\/v2\/pages\/107\/revisions"}],"predecessor-version":[{"id":2435,"href":"https:\/\/www.glycogenoses.org\/st_qlfctn\/wp-json\/wp\/v2\/pages\/107\/revisions\/2435"}],"wp:attachment":[{"href":"https:\/\/www.glycogenoses.org\/st_qlfctn\/wp-json\/wp\/v2\/media?parent=107"}],"curies":[{"name":"wp","href":"https:\/\/api.w.org\/{rel}","templated":true}]}}